{"id":34,"date":"2018-08-26T01:28:18","date_gmt":"2018-08-25T23:28:18","guid":{"rendered":"http:\/\/moniales-ermites.org\/?page_id=34"},"modified":"2024-03-05T20:35:29","modified_gmt":"2024-03-05T19:35:29","slug":"la-pensee-du-mois","status":"publish","type":"page","link":"https:\/\/moniales-ermites.org\/index.php\/la-pensee-du-mois\/","title":{"rendered":"La pens\u00e9e du mois"},"content":{"rendered":"<div class=\"wpb-content-wrapper\"><p>[vc_row][vc_column width=\u00a0\u00bb2\/3&Prime;][vc_column_text]<\/p>\n<h1 style=\"text-align: center;\">La pens\u00e9e du mois<\/h1>\n<p><ul class=\"display-posts-listing\"><li class=\"listing-item\"><a class=\"title\" href=\"https:\/\/moniales-ermites.org\/index.php\/2026\/04\/08\/avril-2026-la-paques-du-seigneur-nous-invite-a-lever-les-yeux-et-a-ouvrir-notre-coeur\/\">Avril 2026 : La P\u00e2ques du Seigneur nous invite \u00e0 lever les yeux et \u00e0 ouvrir notre c\u0153ur.<\/a><div class=\"content\"><p><em>La P\u00e2ques du Seigneur nous invite \u00e0 lever les yeux et \u00e0 ouvrir notre c\u0153ur. Elle continue de nourrir dans notre esprit et au fil de l\u2019histoire la semence de la victoire promise. Elle nous met en mouvement, comme Marie de Magdala et comme les Ap\u00f4tres, pour nous faire d\u00e9couvrir que le tombeau de J\u00e9sus est vide, et qu\u2019ainsi, dans toute mort que nous exp\u00e9rimentons, se trouve aussi de la place pour une vie nouvelle qui surgit.<\/em><\/p>\n<p><em>Le Seigneur est vivant et demeure avec nous. Il ouvre notre c\u0153ur \u00e0 l\u2019esp\u00e9rance qui nous soutient par les fissures de r\u00e9surrection qui s\u2019ouvrent dans les t\u00e9n\u00e8bres : le pouvoir de la mort n\u2019est pas la destin\u00e9e ultime de notre vie. Nous sommes orient\u00e9s une fois pour toutes vers la pl\u00e9nitude car, dans le Christ ressuscit\u00e9, nous sommes nous aussi ressuscit\u00e9s.<\/em><\/p>\n<p><em>Pape L\u00e9on XIV, Dimanche de P\u00e2ques, 5 avril 2026.<\/em><\/p>\n<p><img loading=\"lazy\" decoding=\"async\" class=\"wp-image-3415 aligncenter\" src=\"https:\/\/moniales-ermites.org\/wp-content\/uploads\/2026\/04\/Pierre-tombale.-Paques-2026.-Source.-jpg.jpg\" alt=\"\" width=\"847\" height=\"495\" srcset=\"https:\/\/moniales-ermites.org\/wp-content\/uploads\/2026\/04\/Pierre-tombale.-Paques-2026.-Source.-jpg.jpg 1172w, https:\/\/moniales-ermites.org\/wp-content\/uploads\/2026\/04\/Pierre-tombale.-Paques-2026.-Source.-jpg-300x175.jpg 300w, https:\/\/moniales-ermites.org\/wp-content\/uploads\/2026\/04\/Pierre-tombale.-Paques-2026.-Source.-jpg-1024x598.jpg 1024w, https:\/\/moniales-ermites.org\/wp-content\/uploads\/2026\/04\/Pierre-tombale.-Paques-2026.-Source.-jpg-768x449.jpg 768w, https:\/\/moniales-ermites.org\/wp-content\/uploads\/2026\/04\/Pierre-tombale.-Paques-2026.-Source.-jpg-149x87.jpg 149w, https:\/\/moniales-ermites.org\/wp-content\/uploads\/2026\/04\/Pierre-tombale.-Paques-2026.-Source.-jpg-600x351.jpg 600w\" sizes=\"auto, (max-width: 847px) 100vw, 847px\" \/><\/p>\n<p>&nbsp;<\/p>\n<p>&nbsp;<\/p>\n<p>&nbsp;<\/p>\n<p>&nbsp;<\/p>\n<p>&nbsp;<\/p>\n<p>&nbsp;<\/p>\n<p>&nbsp;<\/p>\n<p><em>\u00a0 \u00a0 \u00a0 \u00a0 \u00a0 \u00a0 \u00a0 \u00a0 \u00a0 \u00a0 \u00a0 \u00a0 \u00a0 \u00a0 \u00a0 \u00a0 \u00a0 \u00a0 \u00a0 \u00a0 \u00a0 \u00a0 \u00a0 \u00a0 \u00a0 \u00a0 \u00a0 \u00a0 \u00a0 \u00a0 \u00a0 \u00a0 \u00a0 \u00a0 \u00a0 \u00a0 \u00a0 \u00a0 \u00a0 \u00a0 \u00a0 \u00a0 \u00a0 \u00a0 \u00a0 \u00a0 \u00a0 \u00a0 \u00a0 \u00a0 \u00a0 \u00a0 \u00a0 \u00a0 \u00a0 \u00a0 \u00a0 \u00a0 \u00a0 \u00a0 \u00a0 \u00a0 \u00a0 \u00a0 \u00a0 \u00a0 \u00a0 \u00a0 \u00a0 \u00a0 \u00a0 \u00a0 \u00a0 \u00a0 \u00a0 \u00a0 \u00a0 \u00a0 \u00a0 \u00a0 \u00a0 \u00a0 \u00a0 \u00a0 \u00a0 \u00a0 \u00a0 \u00a0 \u00a0 \u00a0 \u00a0 \u00a0 \u00a0 \u00a0 \u00a0 \u00a0 \u00a0 \u00a0 \u00a0 \u00a0 \u00a0 \u00a0 \u00a0 \u00a0 \u00a0<\/em><\/p>\n<p><em>\u00a0 \u00a0 \u00a0 \u00a0 \u00a0 \u00a0 \u00a0 \u00a0 \u00a0 \u00a0 \u00a0 \u00a0 \u00a0 \u00a0 \u00a0 \u00a0 \u00a0 \u00a0 \u00a0 \u00a0 \u00a0 \u00a0 \u00a0 \u00a0 \u00a0 \u00a0 \u00a0 \u00a0 \u00a0 \u00a0 \u00a0 \u00a0 \u00a0 \u00a0 \u00a0 \u00a0 \u00a0 \u00a0 \u00a0 \u00a0 \u00a0 \u00a0 \u00a0 \u00a0 \u00a0 \u00a0 \u00a0 \u00a0 <\/em><\/p>\n<\/div><\/li><\/ul>[\/vc_column_text][vc_column_text][\/vc_column_text][\/vc_column][vc_column width=\u00a0\u00bb1\/3&Prime;][vc_column_text]<\/p>\n<h2 style=\"text-align: center;\">Historique<\/h2>\n<p><ul class=\"display-posts-listing\"><li class=\"listing-item\"><a class=\"title\" href=\"https:\/\/moniales-ermites.org\/index.php\/2026\/03\/03\/la-victoire-sur-le-serpent-a-eu-lieu\/\">La victoire sur le serpent a eu lieu !<\/a> <span class=\"excerpt-dash\">-<\/span> <span class=\"excerpt\">[vc_row][vc_column width=\"1\/2\"][vc_column_text css=\"\"]\u00ab Quand vous aurez \u00e9lev\u00e9 le Fils de l\u2019homme, alors vous comprendrez que moi, JE SUIS, et que je ne fais rien de moi-m\u00eame ; ce que je\u2026 <a class=\"excerpt-more\" href=\"https:\/\/moniales-ermites.org\/index.php\/2026\/03\/03\/la-victoire-sur-le-serpent-a-eu-lieu\/\">...<\/a><\/span><\/li><li class=\"listing-item\"><a class=\"title\" href=\"https:\/\/moniales-ermites.org\/index.php\/2026\/02\/02\/fevrier-2026-tu-peux-laisser-ton-serviteur-sen-aller-en-paix\/\">F\u00e9vrier 2026 : \u00ab\u00a0Tu peux laisser ton serviteur s&rsquo;en aller en paix&#8230;\u00a0\u00bb Lc 2,29<\/a> <span class=\"excerpt-dash\">-<\/span> <span class=\"excerpt\">&nbsp; &nbsp; \u00ab \u2026 Que la pens\u00e9e de la mort se soit pr\u00e9sent\u00e9e \u00e0 toi, cela ne m\u2019effraie pas, car il nous faut nous familiariser avec elle ; c\u2019est pr\u00e9cis\u00e9ment\u2026 <a class=\"excerpt-more\" href=\"https:\/\/moniales-ermites.org\/index.php\/2026\/02\/02\/fevrier-2026-tu-peux-laisser-ton-serviteur-sen-aller-en-paix\/\">...<\/a><\/span><\/li><li class=\"listing-item\"><a class=\"title\" href=\"https:\/\/moniales-ermites.org\/index.php\/2026\/01\/02\/janvier-2026-noel-nest-pas-un-anniversaire-ni-un-souvenir\/\">Janvier 2026 : No\u00ebl n\u2019est pas un anniversaire, ni un souvenir.<\/a> <span class=\"excerpt-dash\">-<\/span> <span class=\"excerpt\">No\u00ebl n\u2019est pas un anniversaire, ni un souvenir. C\u2019est n\u2019est pas non plus un sentiment. C\u2019est le jour o\u00f9 Dieu installe une cr\u00e8che dans chaque \u00e2me. Il demande uniquement \u00e0\u2026 <a class=\"excerpt-more\" href=\"https:\/\/moniales-ermites.org\/index.php\/2026\/01\/02\/janvier-2026-noel-nest-pas-un-anniversaire-ni-un-souvenir\/\">...<\/a><\/span><\/li><li class=\"listing-item\"><a class=\"title\" href=\"https:\/\/moniales-ermites.org\/index.php\/2025\/12\/02\/decembre-2025-voici-notre-dieu-il-vient-nous-sauver\/\">D\u00e9cembre 2025 : Voici notre Dieu ; il vient nous sauver !<\/a> <span class=\"excerpt-dash\">-<\/span> <span class=\"excerpt\"> <a class=\"excerpt-more\" href=\"https:\/\/moniales-ermites.org\/index.php\/2025\/12\/02\/decembre-2025-voici-notre-dieu-il-vient-nous-sauver\/\">...<\/a><\/span><\/li><li class=\"listing-item\"><a class=\"title\" href=\"https:\/\/moniales-ermites.org\/index.php\/2025\/11\/01\/novembre-2025-ne-croupissons-pas-dans-notre-negligence\/\">Novembre 2025 : Ne croupissons pas dans notre n\u00e9gligence !<\/a> <span class=\"excerpt-dash\">-<\/span> <span class=\"excerpt\"> <a class=\"excerpt-more\" href=\"https:\/\/moniales-ermites.org\/index.php\/2025\/11\/01\/novembre-2025-ne-croupissons-pas-dans-notre-negligence\/\">...<\/a><\/span><\/li><li class=\"listing-item\"><a class=\"title\" href=\"https:\/\/moniales-ermites.org\/index.php\/2025\/10\/03\/octobre-2025-ce-que-chaque-heure-mapporte\/\">Octobre 2025 : Ce que chaque heure m&rsquo;apporte<\/a> <span class=\"excerpt-dash\">-<\/span> <span class=\"excerpt\"> <a class=\"excerpt-more\" href=\"https:\/\/moniales-ermites.org\/index.php\/2025\/10\/03\/octobre-2025-ce-que-chaque-heure-mapporte\/\">...<\/a><\/span><\/li><li class=\"listing-item\"><a class=\"title\" href=\"https:\/\/moniales-ermites.org\/index.php\/2025\/09\/02\/septembre-2025-jai-soif-de-toi\/\">Septembre 2025 : \u00ab\u00a0J&rsquo;ai soif de toi\u00a0\u00bb<\/a> <span class=\"excerpt-dash\">-<\/span> <span class=\"excerpt\">J'ai soif de toi ! Si tu te crois sans importance aux yeux du monde, peu m'importe. Pour moi, il n'y a qu'une chose qui compte : rien n'est plus\u2026 <a class=\"excerpt-more\" href=\"https:\/\/moniales-ermites.org\/index.php\/2025\/09\/02\/septembre-2025-jai-soif-de-toi\/\">...<\/a><\/span><\/li><li class=\"listing-item\"><a class=\"title\" href=\"https:\/\/moniales-ermites.org\/index.php\/2025\/08\/03\/aout-2025-le-consentement-de-marie\/\">Ao\u00fbt 2025 : L\u00e8ve-toi, ma bien-aim\u00e9e<\/a> <span class=\"excerpt-dash\">-<\/span> <span class=\"excerpt\">\u00a0 \u00a0 \u00a0 \u00a0 \u00a0 \u00a0 L\u00e8ve-toi, ma Bien-aim\u00e9e, car l'hiver est pass\u00e9, \u00a0 \u00a0 \u00a0 \u00a0 \u00a0 \u00a0 Tu t'\u00e9l\u00e8ves dans les cieux, comme l'aurore \u00e0 sa naissance. &nbsp;\u2026 <a class=\"excerpt-more\" href=\"https:\/\/moniales-ermites.org\/index.php\/2025\/08\/03\/aout-2025-le-consentement-de-marie\/\">...<\/a><\/span><\/li><li class=\"listing-item\"><a class=\"title\" href=\"https:\/\/moniales-ermites.org\/index.php\/2025\/07\/01\/juillet-2025-mais-vous-qui-dites-vous-que-je-suis-mt-16-15\/\">Juillet 2025 : \u00ab Mais vous, qui dites-vous que je suis ? \u00bb (Mt 16, 15).<\/a> <span class=\"excerpt-dash\">-<\/span> <span class=\"excerpt\">\u00ab Mais vous, qui dites-vous que je suis ? \u00bb (Mt 16, 15). Chaque jour, \u00e0 chaque heure de l'histoire, nous devons toujours pr\u00eater attention \u00e0 cette question. Si nous\u2026 <a class=\"excerpt-more\" href=\"https:\/\/moniales-ermites.org\/index.php\/2025\/07\/01\/juillet-2025-mais-vous-qui-dites-vous-que-je-suis-mt-16-15\/\">...<\/a><\/span><\/li><li class=\"listing-item\"><a class=\"title\" href=\"https:\/\/moniales-ermites.org\/index.php\/2025\/05\/29\/juin-2025\/\">Juin 2025 : Grandir en humanit\u00e9<\/a> <span class=\"excerpt-dash\">-<\/span> <span class=\"excerpt\">[vc_row][vc_column][vc_column_text css=\"\"] Avant d'\u00eatre une question religieuse, la compassion est une question d'humanit\u00e9 ! \u00a0\u00a0\u00a0\u00a0\u00a0\u00a0\u00a0 Avant d'\u00eatre croyants, nous sommes appel\u00e9s \u00e0 \u00eatre humains (\u2026) Prions donc afin de pouvoir\u2026 <a class=\"excerpt-more\" href=\"https:\/\/moniales-ermites.org\/index.php\/2025\/05\/29\/juin-2025\/\">...<\/a><\/span><\/li><\/ul>[\/vc_column_text][\/vc_column][\/vc_row]<\/p>\n<\/div>","protected":false},"excerpt":{"rendered":"<p>[vc_row][vc_column width=\u00a0\u00bb2\/3&Prime;][vc_column_text] La pens\u00e9e du mois [\/vc_column_text][vc_column_text][\/vc_column_text][\/vc_column][vc_column width=\u00a0\u00bb1\/3&Prime;][vc_column_text] Historique [\/vc_column_text][\/vc_column][\/vc_row]<\/p>\n","protected":false},"author":1,"featured_media":0,"parent":0,"menu_order":0,"comment_status":"closed","ping_status":"closed","template":"","meta":{"footnotes":""},"class_list":["post-34","page","type-page","status-publish","hentry"],"_links":{"self":[{"href":"https:\/\/moniales-ermites.org\/index.php\/wp-json\/wp\/v2\/pages\/34","targetHints":{"allow":["GET"]}}],"collection":[{"href":"https:\/\/moniales-ermites.org\/index.php\/wp-json\/wp\/v2\/pages"}],"about":[{"href":"https:\/\/moniales-ermites.org\/index.php\/wp-json\/wp\/v2\/types\/page"}],"author":[{"embeddable":true,"href":"https:\/\/moniales-ermites.org\/index.php\/wp-json\/wp\/v2\/users\/1"}],"replies":[{"embeddable":true,"href":"https:\/\/moniales-ermites.org\/index.php\/wp-json\/wp\/v2\/comments?post=34"}],"version-history":[{"count":29,"href":"https:\/\/moniales-ermites.org\/index.php\/wp-json\/wp\/v2\/pages\/34\/revisions"}],"predecessor-version":[{"id":2806,"href":"https:\/\/moniales-ermites.org\/index.php\/wp-json\/wp\/v2\/pages\/34\/revisions\/2806"}],"wp:attachment":[{"href":"https:\/\/moniales-ermites.org\/index.php\/wp-json\/wp\/v2\/media?parent=34"}],"curies":[{"name":"wp","href":"https:\/\/api.w.org\/{rel}","templated":true}]}}