{"id":2,"date":"2020-04-01T00:01:25","date_gmt":"2020-03-31T22:01:25","guid":{"rendered":"http:\/\/moniales-ermites.org\/?page_id=2"},"modified":"2026-04-08T10:43:06","modified_gmt":"2026-04-08T08:43:06","slug":"page-d-exemple","status":"publish","type":"page","link":"https:\/\/moniales-ermites.org\/","title":{"rendered":"Page d\u2019accueil"},"content":{"rendered":"<div class=\"wpb-content-wrapper\"><p>[vc_row][vc_column width=\u00a0\u00bb1\/3&Prime;][vc_single_image image=\u00a0\u00bb118&Prime; img_size=\u00a0\u00bbfull\u00a0\u00bb][\/vc_column][vc_column width=\u00a0\u00bb2\/3&Prime;][vc_column_text]<\/p>\n<div class=\"n2-has-copy n2-code n2-ss-slider-shortcode-id\"><\/div>\n<p>[\/vc_column_text][\/vc_column][\/vc_row][vc_row][vc_column][vc_column_text]\u00a0[\/vc_column_text][vc_column_text css=\u00a0\u00bb.vc_custom_1550509251883{margin-top: 10px !important;margin-bottom: 30px !important;}\u00a0\u00bb]<\/p>\n<blockquote>\n<h2 style=\"text-align: center;\"><span style=\"color: #555555;\"><br \/>\n\u00c0 la suite des premiers ermites de Terre sainte, cach\u00e9es au d\u00e9sert avec le Christ, nous nous tenons en sa pr\u00e9sence pour son Corps, qui est l\u2019\u00c9glise.<\/span><\/h2>\n<\/blockquote>\n<p>[\/vc_column_text][vc_row_inner][vc_column_inner][\/vc_column_inner][\/vc_row_inner][vc_single_image image=\u00a0\u00bb132&Prime; img_size=\u00a0\u00bbfull\u00a0\u00bb alignment=\u00a0\u00bbcenter\u00a0\u00bb][\/vc_column][\/vc_row][vc_row][vc_column width=\u00a0\u00bb1\/2&Prime;][vc_single_image image=\u00a0\u00bb3416&Prime; img_size=\u00a0\u00bbfull\u00a0\u00bb css=\u00a0\u00bb\u00a0\u00bb][\/vc_column][vc_column width=\u00a0\u00bb1\/2&Prime;][vc_row_inner][vc_column_inner width=\u00a0\u00bb3\/4&Prime; el_id=\u00a0\u00bbLe travail humain\u00a0\u00bb][vc_column_text]<\/p>\n<h4 style=\"text-align: left;\"><a href=\"http:\/\/moniales-ermites.org\/index.php\/la-pensee-du-mois\/\"><strong><span style=\"color: #555555;\">La pens\u00e9e du mois<\/span><\/strong><\/a><\/h4>\n<p style=\"text-align: left;\"><span style=\"color: #555555;\"><ul class=\"display-posts-listing\"><li class=\"listing-item\"><a class=\"title\" href=\"https:\/\/moniales-ermites.org\/index.php\/2026\/04\/08\/avril-2026-la-paques-du-seigneur-nous-invite-a-lever-les-yeux-et-a-ouvrir-notre-coeur\/\">Avril 2026 : La P\u00e2ques du Seigneur nous invite \u00e0 lever les yeux et \u00e0 ouvrir notre c\u0153ur.<\/a><\/li><\/ul><\/span><\/p>\n<h4 style=\"text-align: left;\"><\/h4>\n<h4 style=\"text-align: left;\"><a href=\"http:\/\/moniales-ermites.org\/index.php\/aide-memoire\/\"><strong><span style=\"color: #555555;\">Aide-m\u00e9moire<\/span><\/strong><\/a><\/h4>\n<p style=\"text-align: left;\"><ul class=\"display-posts-listing\"><li class=\"listing-item\"><a class=\"title\" href=\"https:\/\/moniales-ermites.org\/index.php\/2018\/09\/01\/je-suis-la-porte\/\">Je suis la porte<\/a><\/li><\/ul><\/p>\n<h4 style=\"text-align: left;\"><\/h4>\n<h4 style=\"text-align: left;\"><strong><span style=\"color: #555555;\"><a style=\"color: #555555;\" href=\"http:\/\/moniales-ermites.org\/index.php\/nos-racines\/\">Nos racines<\/a><br \/>\n<\/span><\/strong><\/h4>\n<p style=\"text-align: left;\"><ul class=\"display-posts-listing\"><li class=\"listing-item\"><a class=\"title\" href=\"https:\/\/moniales-ermites.org\/index.php\/2021\/08\/04\/saints-jean-et-barsanuphe-de-gaza\/\">Saints Jean et Barsanuphe de Gaza<\/a><\/li><\/ul><\/p>\n<h4 style=\"text-align: left;\"><\/h4>\n<h4 style=\"text-align: left;\"><strong><span style=\"color: #555555;\"><a style=\"color: #555555;\" href=\"http:\/\/moniales-ermites.org\/index.php\/reperes-humains\/\">Rep\u00e8res humains<\/a><\/span><br \/>\n<\/strong><\/h4>\n<p style=\"text-align: left;\"><ul class=\"display-posts-listing\"><li class=\"listing-item\"><a class=\"title\" href=\"https:\/\/moniales-ermites.org\/index.php\/2022\/06\/16\/limagination\/\">L&rsquo;imagination<\/a><\/li><\/ul><\/p>\n<p>[\/vc_column_text][\/vc_column_inner][\/vc_row_inner][\/vc_column][\/vc_row][vc_row][vc_column][\/vc_column][\/vc_row]<\/p>\n<\/div>","protected":false},"excerpt":{"rendered":"<p>[vc_row][vc_column width=\u00a0\u00bb1\/3&Prime;][vc_single_image image=\u00a0\u00bb118&Prime; img_size=\u00a0\u00bbfull\u00a0\u00bb][\/vc_column][vc_column width=\u00a0\u00bb2\/3&Prime;][vc_column_text] [\/vc_column_text][\/vc_column][\/vc_row][vc_row][vc_column][vc_column_text]\u00a0[\/vc_column_text][vc_column_text css=\u00a0\u00bb.vc_custom_1550509251883{margin-top: 10px !important;margin-bottom: 30px !important;}\u00a0\u00bb] \u00c0 la suite des premiers ermites de Terre sainte, cach\u00e9es au d\u00e9sert avec le Christ, nous nous tenons en sa pr\u00e9sence pour son Corps, qui est l\u2019\u00c9glise. [\/vc_column_text][vc_row_inner][vc_column_inner][\/vc_column_inner][\/vc_row_inner][vc_single_image image=\u00a0\u00bb132&Prime; img_size=\u00a0\u00bbfull\u00a0\u00bb alignment=\u00a0\u00bbcenter\u00a0\u00bb][\/vc_column][\/vc_row][vc_row][vc_column width=\u00a0\u00bb1\/2&Prime;][vc_single_image image=\u00a0\u00bb3416&Prime; img_size=\u00a0\u00bbfull\u00a0\u00bb css=\u00a0\u00bb\u00a0\u00bb][\/vc_column][vc_column width=\u00a0\u00bb1\/2&Prime;][vc_row_inner][vc_column_inner width=\u00a0\u00bb3\/4&Prime; el_id=\u00a0\u00bbLe travail humain\u00a0\u00bb][vc_column_text] La pens\u00e9e du mois [&hellip;]<\/p>\n","protected":false},"author":1,"featured_media":0,"parent":0,"menu_order":0,"comment_status":"closed","ping_status":"closed","template":"","meta":{"footnotes":""},"class_list":["post-2","page","type-page","status-publish","hentry"],"_links":{"self":[{"href":"https:\/\/moniales-ermites.org\/index.php\/wp-json\/wp\/v2\/pages\/2","targetHints":{"allow":["GET"]}}],"collection":[{"href":"https:\/\/moniales-ermites.org\/index.php\/wp-json\/wp\/v2\/pages"}],"about":[{"href":"https:\/\/moniales-ermites.org\/index.php\/wp-json\/wp\/v2\/types\/page"}],"author":[{"embeddable":true,"href":"https:\/\/moniales-ermites.org\/index.php\/wp-json\/wp\/v2\/users\/1"}],"replies":[{"embeddable":true,"href":"https:\/\/moniales-ermites.org\/index.php\/wp-json\/wp\/v2\/comments?post=2"}],"version-history":[{"count":252,"href":"https:\/\/moniales-ermites.org\/index.php\/wp-json\/wp\/v2\/pages\/2\/revisions"}],"predecessor-version":[{"id":3424,"href":"https:\/\/moniales-ermites.org\/index.php\/wp-json\/wp\/v2\/pages\/2\/revisions\/3424"}],"wp:attachment":[{"href":"https:\/\/moniales-ermites.org\/index.php\/wp-json\/wp\/v2\/media?parent=2"}],"curies":[{"name":"wp","href":"https:\/\/api.w.org\/{rel}","templated":true}]}}